{"id":13,"date":"2022-01-04T16:24:25","date_gmt":"2022-01-04T16:24:25","guid":{"rendered":"https:\/\/saltkallegarden.se\/?page_id=13"},"modified":"2024-09-12T05:59:07","modified_gmt":"2024-09-12T05:59:07","slug":"om","status":"publish","type":"page","link":"https:\/\/saltkallegarden.se\/index.php\/om\/","title":{"rendered":"Om Oss \/ Information"},"content":{"rendered":"\n<p>V\u00e5r v\u00e5rdideologi \u00e4r att vi vill hj\u00e4lpa individen till en meningsfull livskvalitet utifr\u00e5n var och ens behov och m\u00f6jligheter, samt st\u00e4rka sj\u00e4lvk\u00e4nslan och uppmuntra till kontakter med det egna n\u00e4tverket. Vi arbetar d\u00e4rf\u00f6r med individuella v\u00e5rdplaner (IVP) utifr\u00e5n ett socialmedicinskt perspektiv i samverkan med v\u00e5rdtagare och ansvarig hemkommun, p\u00e5 \u00f6ppenpsyk, via socialtj\u00e4nst m.fl.<br>Daglig struktur, tr\u00e4ning och en rofylld omgivning ger lisa f\u00f6r sj\u00e4len och bidrar till stabiletet och trygghet i tillvaron, precis som n\u00e4rheten till naturen, frisk luft, motion, sol, vind och vatten. Oavsett om det \u00e4r v\u00e5r, sommar, h\u00f6st eller vinter s\u00e5 bjuder livet p\u00e5 Saltk\u00e4lleg\u00e5rden p\u00e5 st\u00e4ndigt nya m\u00f6jligheter. Museibes\u00f6k, promenader, tr\u00e4dg\u00e5rdssk\u00f6tsel eller att bara sitta ner en stund i v\u00e5r h\u00e4rliga frukttr\u00e4dg\u00e5rd. Tillf\u00e4lle till tr\u00e4ning ges kontinuerligt genom deltagande i de dagliga sysslorna. F\u00f6r att f\u00e5 tr\u00e4ning i att klara ekonomiska och sociala kontakter g\u00f6r vi \u00e4ven bes\u00f6k i v\u00e5ra t\u00e4torter d\u00e4r vi veckohandlar och utr\u00e4ttar tex post och bank\u00e4renden.<br>Vi kvalitetss\u00e4krar v\u00e5r verksamhet genom att v\u00e5ra kvalitetssystem uppfyller socialstryrelsens krav med avseende p\u00e5 omv\u00e5rdnad och rehabilitering. Vi har ocks\u00e5 som policy att kontinuerligt utv\u00e4rdera verksamhetens milj\u00f6p\u00e5verkan och h\u00e5ller en h\u00f6g milj\u00f6profil d\u00e4r lagkrav utg\u00f6r en l\u00e4gsta niv\u00e5.<br><br>Sedan 1996 utvecklades verksamheten mot psykiatri samt samsjuklighet.\u00a0<\/p>\n\n\n\n<p>Verksamheten \u00e4r godk\u00e4nd och kontrollerad av IVO .<\/p>\n\n\n\n<p class=\"has-medium-font-size\"><strong>Information<\/strong><\/p>\n\n\n\n<p>\u2022&nbsp;  Saltk\u00e4lleg\u00e5rden&nbsp;har 10 anst\u00e4llda som best\u00e5r av Socionom, undersk\u00f6terskor, behandlingspedagoger, sk\u00f6tare, sjuksk\u00f6terska, och l\u00e4kare p\u00e5 deltid.<\/p>\n\n\n\n<p>\u2022&nbsp;  \u00c4gare av bolaget och \u00e4ven verksamhetschef : Therese Torin sedan 2006&nbsp;<\/p>\n\n\n\n<p>\u2022&nbsp;&nbsp; <a href=\"https:\/\/www.allabolag.se\/5565427084\/befattningar\">Styrelse<\/a><\/p>\n\n\n\n<p>\u2022&nbsp;&nbsp;&nbsp;<a href=\"https:\/\/www.allabolag.se\/5565427084\/saltkallegarden-aktiebolag\">Ekonomi<\/a><\/p>\n\n\n\n<p>\u2022&nbsp;  <a href=\"https:\/\/www.allabolag.se\/5565427084\/saltkallegarden-aktiebolag\">Verksamhet och status<\/a>&nbsp;<\/p>\n\n\n\n<p><\/p>\n\n\n\n<p><\/p>\n","protected":false},"excerpt":{"rendered":"<p>V\u00e5r v\u00e5rdideologi \u00e4r att vi vill hj\u00e4lpa individen till en meningsfull livskvalitet utifr\u00e5n var och ens behov och m\u00f6jligheter, samt st\u00e4rka sj\u00e4lvk\u00e4nslan och uppmuntra till kontakter med det egna n\u00e4tverket. Vi arbetar d\u00e4rf\u00f6r med individuella v\u00e5rdplaner (IVP) utifr\u00e5n ett socialmedicinskt perspektiv i samverkan med v\u00e5rdtagare och ansvarig hemkommun, p\u00e5 \u00f6ppenpsyk, via socialtj\u00e4nst m.fl.Daglig struktur, tr\u00e4ning &hellip; <\/p>\n<p class=\"link-more\"><a href=\"https:\/\/saltkallegarden.se\/index.php\/om\/\" class=\"more-link\">L\u00e4s mer<span class=\"screen-reader-text\"> \u201dOm Oss \/ Information\u201d<\/span><\/a><\/p>\n","protected":false},"author":1,"featured_media":0,"parent":0,"menu_order":0,"comment_status":"closed","ping_status":"closed","template":"","meta":{"footnotes":"[]"},"class_list":["post-13","page","type-page","status-publish","hentry"],"_links":{"self":[{"href":"https:\/\/saltkallegarden.se\/index.php\/wp-json\/wp\/v2\/pages\/13","targetHints":{"allow":["GET"]}}],"collection":[{"href":"https:\/\/saltkallegarden.se\/index.php\/wp-json\/wp\/v2\/pages"}],"about":[{"href":"https:\/\/saltkallegarden.se\/index.php\/wp-json\/wp\/v2\/types\/page"}],"author":[{"embeddable":true,"href":"https:\/\/saltkallegarden.se\/index.php\/wp-json\/wp\/v2\/users\/1"}],"replies":[{"embeddable":true,"href":"https:\/\/saltkallegarden.se\/index.php\/wp-json\/wp\/v2\/comments?post=13"}],"version-history":[{"count":6,"href":"https:\/\/saltkallegarden.se\/index.php\/wp-json\/wp\/v2\/pages\/13\/revisions"}],"predecessor-version":[{"id":134,"href":"https:\/\/saltkallegarden.se\/index.php\/wp-json\/wp\/v2\/pages\/13\/revisions\/134"}],"wp:attachment":[{"href":"https:\/\/saltkallegarden.se\/index.php\/wp-json\/wp\/v2\/media?parent=13"}],"curies":[{"name":"wp","href":"https:\/\/api.w.org\/{rel}","templated":true}]}}